{"id":181,"date":"2013-09-09T12:18:20","date_gmt":"2013-09-09T11:18:20","guid":{"rendered":"http:\/\/www.jean-louis-perrot.ch\/?page_id=181"},"modified":"2019-10-29T18:31:55","modified_gmt":"2019-10-29T17:31:55","slug":"curriculum","status":"publish","type":"page","link":"http:\/\/www.jean-louis-perrot.ch\/?page_id=181","title":{"rendered":"Bio &#038; Liens"},"content":{"rendered":"<div>\n<h3>Jean-Louis Perrot<\/h3>\n<\/div>\n<div>\n<p>1953<\/p>\n<p><strong><u>Adresse:<\/u><\/strong><\/p>\n<p>739 Route de Frangy 74160, Vers, France<\/p>\n<p>Tel :&nbsp;<a href=\"tel:%2B%2B%2041%280%2979%20250%2066%2004\" target=\"_blank\" rel=\"noopener noreferrer\">++ 41(0)79 250 66 04<\/a><\/p>\n<p>e-mail :&nbsp;<a href=\"mailto:jeanlouis.perrot@icloud.com\" target=\"_blank\" rel=\"noopener noreferrer\">jeanlouis.perrot@icloud.com<\/a><\/p>\n<p><strong><u>Expositions personnelles:<\/u><\/strong><\/p>\n<p>1973 Galerie CIRCA Gen\u00e8ve<\/p>\n<p>1988 Galerie MAISON DES JEUNES Neuchatel<\/p>\n<p>1990 Galerie Michel Reymondin (plaquette) Gen\u00e8ve<\/p>\n<p>1991 Galerie MAISON DES JEUNES Neuch\u00e2tel<\/p>\n<p>1991 Galerie COBRA Paris<\/p>\n<p>1993 Galerie BROT UND KASE Sorale<\/p>\n<p>1993 Galerie KARA (plaquette) Gen\u00e8ve<\/p>\n<p>1994 Galerie MAISON DES JEUNES Neuchatel<\/p>\n<p>1997 Galerie BROT UND KASE Soral<\/p>\n<p>1998 Galerie 50 m2 Geneve<\/p>\n<p>2000 Galerie ROSA TURETSKY (catalogue) Gen\u00e8ve<\/p>\n<p>2003 Galerie ROSA TURETSKY Gen\u00e8ve<\/p>\n<p>2014 \/ Le Parc Habit\u00e9 \/ Villa Dutoit, Gen\u00e8ve<\/p>\n<p>2015 \/ Le Parc Habit\u00e9 \/ Villa Dutoit, Gen\u00e8ve<\/p>\n<p>2015 \/ Galerie Rosa Turetsky, Gen\u00e8ve<\/p>\n<p>2016 \/ Equilibres, mouvements trajectoires et narrations \/ Kaminska &amp; Stocker, Yverdon-les-Bains<\/p>\n<p>2017 \/ Artgen\u00e8ve\/Sculptures \/ Quai Wilson, Gen\u00e8ve<\/p>\n<p>2019 \/ Sculptures-Oeuvres r\u00e9centes \/ Galerie Rosa Turetsky<\/p>\n<p><strong><u>Expositions collectives (s\u00e9lection):<\/u><\/strong><\/p>\n<div>&nbsp;<\/div>\n<p>1984 &nbsp;120e Anniversaire de la SPSAS, Mus\u00e9e RATH (catalogue) Gen\u00e8ve<\/p>\n<p>1986 &nbsp;Villa DU JARDIN ALPIN Meyrin-GE<\/p>\n<p>1987 &nbsp;BIENNALE de la Chaux de Fonds-NE.<\/p>\n<p>1989 &nbsp;TRIENNALE DE SCULPTURE Grand Lancy-GE<\/p>\n<p>1989 &nbsp;Galerie REYMONDIN Gen\u00e8ve<\/p>\n<p>1990 &nbsp;Galerie MAISON DES JEUNES Neuch\u00e2tel-NE<\/p>\n<p>1991 &nbsp;46e SALON DE MAI, France Paris-France<\/p>\n<p>1991 &nbsp;Galerie BROT UND KASE Soral-GE<\/p>\n<p>1991 &nbsp;Galerie VALLOTTON (plaquette) Lausanne-VD<\/p>\n<p>1991 &nbsp;Galerie L\u00b4AURORE Fribourg<\/p>\n<p>1992 &nbsp;Galerie BROT UND KASE Soral-GE<\/p>\n<p>1993 &nbsp;Galerie HANIN-NOCERA Paris-France<\/p>\n<p>1993 &nbsp;LE MANOIR Martigny<\/p>\n<p>1993 \u00ab&nbsp;ESCALE 4\u2033 SPSAS au MUS\u00e9E RATH (catalogue) Gen\u00e8ve<\/p>\n<p>1994 \u00ab&nbsp;ESCALE 5\u2033 SPSAS au centre d\u00b4art en L\u00b4Ile (catalogue) Gen\u00e8ve<\/p>\n<p>1993 \u00ab&nbsp;CLIMAT 93\u2033 au Parc LA GRANGE-Gen\u00e8ve<\/p>\n<p>1994 \u00ab&nbsp;SWISS MADE&nbsp;\u00bb KARA au Parc LAGRANGE-Gen\u00e8ve<\/p>\n<p>1995 &nbsp;BIENNALE DE VERNIER, Gen\u00e8ve<\/p>\n<p>1995 &nbsp;Collective \u00ab&nbsp;HELSEN&nbsp;\u00bb Galerie Nationale, Dakar-Senegal<\/p>\n<p>1995 &nbsp;Collective \u00ab HELSEN \u00bb Saint Gervais-Gen\u00e8ve<\/p>\n<p>1995 \u00ab&nbsp;BAIGNADE INTERDITE&nbsp;\u00bb, France (catalogue) Seyssel-France<\/p>\n<p>1996 &nbsp;L\u00b4ARAC Vallorbe-VD<\/p>\n<p>1996 \u00ab&nbsp;CINQ ARTISTES GENEVOIS&nbsp;\u00bb Lucerne-LU<\/p>\n<p>1997 &nbsp;Galerie LANZA, Verbania-Italie<\/p>\n<p>1998 \u00ab&nbsp;LA CENTIEME DU MANOIR\u00bb Martigny-VS<\/p>\n<p>1998 \u00ab&nbsp;BAIGNADE INTERDITE \u00bb, France (catalogue) Seyssel-France<\/p>\n<p>2001 &nbsp;Galerie PANNE E FORMAGGIO \u00e0 la SIP Gen\u00e8ve<\/p>\n<p>2002 &nbsp;Galerie COURRANT D\u2019ART, Cheveney (JU)<\/p>\n<p>2002 \u00ab&nbsp;BRUXEL\u00b4ART&nbsp;\u00bb, avec Rosa Turetsky, Bruxelles-Belgique.<\/p>\n<p>2002 \u00ab&nbsp;SCULPTURE DANS LA VILLE&nbsp;\u00bb. Yverdon-Les-Bains,VD<\/p>\n<p>2002 \u00ab&nbsp;L\u00b4ART DES JARDINS&nbsp;\u00bb, Parc ST-Cloud, (sculpteurs suisses invit\u00e9s) Paris<\/p>\n<p>2003 \u00ab TGD\/3 \u00bb, au MUSEE IFAN de Dakar-SENEGAL<\/p>\n<p>2003 &nbsp;TRAVERSE \u00ab&nbsp;, (\u00e0 la rencontre d\u00b4une d\u00e9l\u00e9gation d\u00b4artistes Japonais), Villa Dutoit-Gen\u00e8ve<\/p>\n<p>2003 &nbsp;EXPO-SORAL, &nbsp;Gen\u00e8ve<\/p>\n<p>2003 &nbsp;Galerie N\u00b4DAJE&nbsp;&nbsp;Ousman Dia et Jean-Louis Perrot, Morges-VD<\/p>\n<p>2010 &nbsp;Espace BRIGNOLLES, avec Yvonne Zbinden, Grandvaux-VD<\/p>\n<p>2013 &nbsp;Galerie BOT UND KASE, Soral-GE<\/p>\n<p>2014 Villa Dutoit avec Julie Brandt, Jo Fontaine, Gilbert Mazliah<\/p>\n<p>2015 Art Zurich Galerie Kaminska &amp; Stocker<\/p>\n<p>2016 Art Gen\u00e8ve Rosa Turetsky<\/p>\n<p>2017 Galerie Kaminska &amp; Stocker \u00e0 Art Zurich<\/p>\n<p>2017 Art Gen\u00e8ve Rosa Turetsky<\/p>\n<p>2017 Art Gen\u00e8ve Sculptures au Quai Wilson<\/p>\n<p>2017 Galerie Rosa Turetsky &amp; Deleuze-Rochetin \u00e0 Uz\u00e8s (FR)<\/p>\n<div><strong><u>Oeuvres dans les collections:<\/u><\/strong><p><\/p>\n<div>&nbsp;<\/div>\n<p>Simon Spierer; \u00ab&nbsp;une for\u00eat des sculptures&nbsp;\u00bb \/ \u00ab&nbsp;Ein wlad der Skulpturen&nbsp;\u00bb l\u00e9gu\u00e9e en 2005 au Landes museum de Darmstatdt en Allemagne.<\/p>\n<p>ARIS Karamaounas, Gen\u00e8ve<\/p>\n<p>Arnaldo Corvace, Valais<\/p>\n<p>Andr\u00e9a Bassi, Gen\u00e8ve<\/p>\n<p>Martin Staub, Gen\u00e8ve<\/p>\n<p>Philippe Renevier, Gen\u00e8ve<\/p>\n<p>Michel Reymondin, Vaud<\/p>\n<p>Jean-Pierre Huguet, Neuch\u00e2tel<\/p>\n<p>Jean-PierreJacquemoud, Gen\u00e8ve<\/p>\n<p>Fr\u00e9d\u00e9rique Spycher, Gen\u00e8ve<\/p>\n<p>Rosa Turetsky, Gen\u00e8ve<\/p>\n<p>Lucas et Paola Notari, Gen\u00e8ve<\/p>\n<p>Patrick Barrer, Gen\u00e8ve<\/p>\n<p>Fond Cantonal de D\u00e9coration, Gen\u00e8ve<\/p>\n<p>Marc Righi, Gen\u00e8ve<\/p>\n<div>&nbsp;<\/div>\n<p><strong><u>R\u00e9alisations dans le domaine public:<\/u><\/strong><\/p>\n<p>2010 Sculpture monumentale et animation de l\u2019esplanade pour le&nbsp;<em>Bureau &nbsp; &nbsp; &nbsp; &nbsp;&nbsp;<\/em><em>d\u00b4Affaires Touristiques<\/em>&nbsp;\u00e0 Vercorin en Valais.<\/p>\n<p>2003 Onze pieces destinees au &nbsp;\u00ab&nbsp;<em>Sentier didactique du petrole&nbsp;<\/em>&nbsp;\u00bb pour &nbsp; &nbsp; &nbsp; &nbsp; &nbsp; &nbsp;la commune de Vernier\/GE<\/p>\n<p>2002 Installation de &nbsp;\u00bb ARUNDO PENSANT &nbsp;\u00bb Dans le&nbsp;<em>Jardin Japonais<\/em>&nbsp;&nbsp;de &nbsp; &nbsp; &nbsp;la ville d\u00b4Yverdon-les-Bains<\/p>\n<p>2002 Sculpture pour le 20e anniversaire de l\u00b4IDHEAP, (institut de hautes \u00e9tudes en administration publique) Lausanne.<\/p>\n<p>2001-2004 Objets de r\u00e9f\u00e9rence de la journ\u00e9e cantonale Genevoise \u00e0 &nbsp; &nbsp; &nbsp; &nbsp; &nbsp; &nbsp; &nbsp; &nbsp; &nbsp;l\u00b4exposition nationale de 2002 dans le Rh\u00f4ne entre le pont des Bergues et le pont de la Machine, commande du DAEL\/GE.<\/p>\n<p>1998 Sculptures pour les trois entr\u00e9es de l\u00b4immeuble r\u00e9sidentiel \u00ab&nbsp;<em>LE VIEUX FLORISSANT<\/em>&nbsp;\u00bb chemin de Normandie-Gen\u00e8ve.<\/p>\n<p>1995 Sculpture monumentale devant le centre de loisir de Th\u00f4nex, &nbsp; &nbsp; &nbsp; &nbsp; &nbsp; &nbsp; &nbsp; \u00ab<em>De la libert\u00e9&nbsp;\u00bb&nbsp;<\/em>commande associ\u00e9e de la ville de Th\u00f4nex et du fond cantonal de d\u00e9coration GE pour le centre de loisir de Th\u00f4nex, Gen\u00e8ve.<\/p>\n<p>1992 Commande du fond cantonal de d\u00e9coration\/GE, animation visuelle en collaboration avec Britte Aymon dans un b\u00e2timent EMS \u00ab<em>les jardins du Rh\u00f4ne<\/em>\u00bb \u00e0 Gen\u00e8ve.<\/p>\n<div>1981 Sculpture monumentale pour le Bureau d\u00b4Affaires Touristiques \u00e0 Vercorin en Valais.<\/div>\n<p><strong><u>Prix artistique:<\/u><\/strong><\/p>\n<p>PRIX \u00ab&nbsp;<em>CLIMAT 93 &nbsp;<\/em>\u00bb GENEVE<\/p>\n<\/div>\n<p><strong><u>Articles (s\u00e9l\u00e9ction)<\/u><\/strong><\/p>\n<div>&nbsp;<\/div>\n<p>VOIR : \u00ab&nbsp;<em>sculptures et griffonnements<\/em>&nbsp;&nbsp;\u00bb Fran\u00e7oise Jaunin, 1993<\/p>\n<p>LE COURRIER : \u00ab&nbsp;<em>Swiss made prend racine dans le parc La Grange<\/em>&nbsp;\u00bb, Isabelle Bratschi,1994<\/p>\n<p>LE TEMPS : \u00ab&nbsp;<em>La conqu\u00eate de l\u00b4espace selon Jean-Louis Perrot<\/em>&nbsp;\u00bb, Laurence Chauvy 2000<\/p>\n<p>LE NORD VAUDOIS: in \u00ab&nbsp;<em>Jean-Louis Perrot et le roseau philosophique<\/em>&nbsp;\u00bb, Philippe De Bellet, 2003<\/p>\n<p>PLUMART: \u00ab&nbsp;<em>Formes et circonstances, Jean-Louis Perrot<\/em>&nbsp;\u00bb, Claude Hubert Tatot 2003 :&nbsp;<a href=\"http:\/\/www.plumart.com\/vf5403\/html\/1154perrot.html\" target=\"_blank\" rel=\"noopener noreferrer\">http:\/\/www.plumart.com\/vf5403\/html\/1154perrot.html<\/a><\/p>\n<p>\u00ab Cahier sp\u00e9cial du journal de Gen\u00e8ve pour le Swiss Made \u00bb<\/p>\n<div>&nbsp;<\/div>\n<p><strong><u>Diverses collaborations au th\u00e9\u00e2tre et au cin\u00e9ma:<\/u><\/strong><\/p>\n<div>&nbsp;<\/div>\n<p>1980 Assistant de Yanko Hodjis, pour \u00ab&nbsp;<em>La mort de Mario Ricci<\/em>&nbsp;\u00bb de Claude Goretta.<\/p>\n<p>1981 Assistant de Petrika Ionescu au Grand Th\u00e9\u00e2tre de Gen\u00e8ve, pour la r\u00e9alisation du d\u00e9cor du \u00ab&nbsp;<em>Parsifal&nbsp;<\/em>\u00bb de Wagner mise en sc\u00e8ne Rolf Libermann.<\/p>\n<p>1984 R\u00e9alisation du d\u00e9cor de \u00ab&nbsp;<em>la valise<\/em>&nbsp;\u00bb, court-m\u00e9trage de Claudio Tonetti.<\/p>\n<p>1984 R\u00e9alisation des costumes pour le film d\u00b4animation \u00ab<em>&nbsp;Carapaces&nbsp;<\/em>\u00bb d\u00b4Alexis Berset, adapt\u00e9 de la bande dessin\u00e9e \u00e9ponyme de Fran\u00e7ois Schuiten.<\/p>\n<div>&nbsp;<\/div>\n<p><strong><u>Sc\u00e9nographe pour:<\/u><\/strong><\/p>\n<p>1984 &nbsp;\u00ab&nbsp;<em>La colonie p\u00e9nitentiaire<\/em>&nbsp;\u00bb de Kafka, adaptation et mise en sc\u00e8ne de Philippe L\u00fcscher au th\u00e9\u00e2tre le Caveau, Gen\u00e8ve<\/p>\n<p>1985 \u00ab&nbsp;<em>Ninon de Lenclos<\/em>&nbsp;\u00bb, adapt\u00e9 d\u00b4un texte du Marquis de S\u00e9vign\u00e9, adaptation et mise en sc\u00e8ne de Philippe L\u00fcscher, au th\u00e9\u00e2tre Le Caveau, Gen\u00e8ve.<\/p>\n<p>1986 \u00ab&nbsp;<em>WC Dames<\/em>&nbsp;\u00bb, cr\u00e9ation de la compagnie \u00ab&nbsp;du Revoir&nbsp;\u00bb, mise en sc\u00e8ne Anne Bisang, \u00e0 la maison de quartier de la Jonction, Gen\u00e8ve.<\/p>\n<p>1987 \u00ab&nbsp;<em>Lettre \u00e0 une inconnue<\/em>&nbsp;\u00bb, \u00e9criture et mise en sc\u00e8ne, Philippe L\u00fcscher, au Th\u00e9\u00e2tre en Rond de St Gervais, Gen\u00e8ve.<\/p>\n<p>1988 \u00ab&nbsp;<em>Leto<\/em>&nbsp;\u00bb, cr\u00e9ation du \u00ab&nbsp;<em>collectif Leto<\/em>&nbsp;\u00bb, \u00e9criture de Jo\u00ebl Pasquier, mise en sc\u00e8ne de Thierry Mertenaz, \u00e0 la maison de quartier de la Jonction, Gen\u00e8ve.<\/p>\n<p>1988 \u00ab<em>&nbsp;L\u00b4occasion<\/em>&nbsp;\u00bb de Prosp\u00e8re M\u00e9rim\u00e9e, adaptation et mise en sc\u00e8ne de Philippe L\u00fcscher, au th\u00e9\u00e2tre le Caveau, Gen\u00e8ve.<\/p>\n<p>1988 \u00ab&nbsp;<em>La guerre de Troie n\u00b4aura pas lieu<\/em>&nbsp;\u00bb, de Jean Giraudoux, mise en sc\u00e8ne de Philippe L\u00fcscher, au th\u00e9\u00e2tre de l\u00b4Orangerie, Gen\u00e8ve.<\/p>\n<p>1989: \u00ab&nbsp;<em>Kir Royal pour bulles \u00e0 bord<\/em>&nbsp;\u00bb, \u00e9criture et mise en sc\u00e8ne de David Bauhofer, \u00e0 la maison de quartier de la Jonction, Gen\u00e8ve.<\/p>\n<p>1989 \u00ab&nbsp;<em>Les liaisons dangereuses&nbsp;\u00bb&nbsp;<\/em>, de Laclos, adaptation et mise en sc\u00e8ne Philippe L\u00fcscher, au th\u00e9\u00e2tre de l\u00b4Orangerie, Gen\u00e8ve.<\/p>\n<p>1990 \u00ab&nbsp;<em>Byzance Divine<\/em>&nbsp;\u00bb, \u00e9criture et mise en sc\u00e8ne de David Bauhofer, \u00e0 la Traverse, Gen\u00e8ve.<\/p>\n<p>1990 \u00ab<em>&nbsp;Pour ne pas conclure<\/em>&nbsp;\u00bb, \u00e9criture et mise en sc\u00e8ne de Martine B\u00fcrer, dans la grande salle des Terreaux du Temple, Gen\u00e8ve.<\/p>\n<p>1990 \u00ab&nbsp;<em>L\u00b4\u00e9cole buissonni\u00e8re&nbsp;\u00bb&nbsp;<\/em>, \u00e9criture et mise en sc\u00e8ne de Anne Bisang, au th\u00e9\u00e2tre du Gr\u00fctli, Gen\u00e8ve.<\/p>\n<p>1996 \u00ab&nbsp;<em>WC Dames<\/em>&nbsp;\u00bb, re-cr\u00e9ation, th\u00e9\u00e2tre de Saint-Gervais et le festival de th\u00e9\u00e2tre de Perpignan, 10e anniversaire de la Compagnie du Revoir, mise en sc\u00e8ne Anne Bisang.<\/p>\n<p>1997 &nbsp;\u00ab&nbsp;<em>La route de Boston<\/em>&nbsp;&nbsp;\u00bb cr\u00e9ation d\u00b4apr\u00e8s un texte de Jacques Probst, au Th\u00e9\u00e2tre du Loup, mise en sc\u00e8ne Liliane Tondelier et Jacques Probst, Gen\u00e8ve.<\/p>\n<p>2009 \u00ab<em>Remonter la pente<\/em>&nbsp;\u00bb Cr\u00e9ation d\u2019apr\u00e8s l\u2019oeuvre de Jean-Claude Grumberg, au th\u00e9\u00e2tre de la Parfumerie, Mise en sc\u00e8ne de Patrick Mohr<\/p>\n<p>2011 \u00ab&nbsp;<em>La nuit remue<\/em>&nbsp;\u00bb D\u2019apr\u00e8s l\u2019oeuvre de Henri Michaux, adaptation et mise en sc\u00e8ne de Patrick Mohr au th\u00e9\u00e2tre de la Parfumerie-GE<\/p>\n<p>2012 \u00ab<em>&nbsp;joue moi quelque chose<\/em>&nbsp;\u00bb D\u2019apr\u00e8s l\u2019oeuvre de John Berger, adaptation et mise en sc\u00e8ne de Mich\u00e8le Milner au th\u00e9\u00e2tre de la Parfumerie-GE<\/p>\n<p>2013 \u00ab<em>Albahaca<\/em>&nbsp;\u00bb Ecrit et mis en sc\u00e8ne par Mich\u00e8le Milner au th\u00e9\u00e2tre de la Parfumerie-GE<\/p>\n<p>2013 \u00ab<em>Le cri du son<\/em>&nbsp;\u00bb Cr\u00e9ation orchestrale de Yves Cerf et a Fanfare du Loup, th\u00e9\u00e2tre du Loup-GE<\/p>\n<p>2013 \u00ab&nbsp;<em>R\u00e9cits de femmes<\/em>&nbsp;\u00bb De Dario-Fo et Franca Rame, Mise en sc\u00e8ne de Mich\u00e8le Milner pour la Com\u00e9die de Gen\u00e8ve et tourn\u00e9e \u00ab<em>hors les murs&nbsp;<\/em>\u00bb<\/p>\n<\/div>\n<p><strong><u>Liens:<\/u><\/strong><\/p>\n<p><a href=\"http:\/\/www.jean-louis-perrot.ch\/\" target=\"_blank\" rel=\"noopener noreferrer\">www.jean-louis-perrot.ch<\/a><\/p>\n<p><a href=\"http:\/\/jean-louis-perrot.ch\/jean_louis_perrot.php\" target=\"_blank\" rel=\"noopener noreferrer\">www.jean-louis-perrot.ch\/jean_louis_perrot.php<\/a><\/p>\n<p><a href=\"http:\/\/www.rosaturetsky.com\/artistes\/perrot\" target=\"_blank\" rel=\"noopener noreferrer\">www.rosaturetsky.com<\/a><\/p>\n<p><a href=\"http:\/\/www.visarte-geneve.ch\/user\/208\" target=\"_blank\" rel=\"noopener noreferrer\">www.visarte-geneve.ch\/user\/208<\/a><\/p>\n<p><\/p>\n<p><a href=\"https:\/\/www.moservernet.ch\/allevenue-de-jean-louis-perrot\/\" target=\"_blank\" rel=\"noopener noreferrer\" data-saferedirecturl=\"https:\/\/www.google.com\/url?q=https:\/\/www.moservernet.ch\/allevenue-de-jean-louis-perrot\/&amp;source=gmail&amp;ust=1558726243514000&amp;usg=AFQjCNH1i-k2aWXOv4SthKXB38wLV2rIIw\">https:\/\/www.moservernet.ch\/all<wbr>evenue-de-jean-louis-perrot\/<\/a><\/p>\n\n\n<figure class=\"wp-block-image\"><a href=\"https:\/\/www.moservernet.ch\/allevenue-de-jean-louis-perrot\/\"><img loading=\"lazy\" decoding=\"async\" width=\"1024\" height=\"481\" src=\"http:\/\/www.jean-louis-perrot.ch\/wp-content\/uploads\/jean-louis-perrot-moservernet-1024x481.png\" alt=\"\" class=\"wp-image-1703\" srcset=\"http:\/\/www.jean-louis-perrot.ch\/wp-content\/uploads\/jean-louis-perrot-moservernet-1024x481.png 1024w, http:\/\/www.jean-louis-perrot.ch\/wp-content\/uploads\/jean-louis-perrot-moservernet-300x141.png 300w, http:\/\/www.jean-louis-perrot.ch\/wp-content\/uploads\/jean-louis-perrot-moservernet-768x360.png 768w, http:\/\/www.jean-louis-perrot.ch\/wp-content\/uploads\/jean-louis-perrot-moservernet.png 1860w\" sizes=\"auto, (max-width: 1024px) 100vw, 1024px\" \/><\/a><\/figure>\n","protected":false},"excerpt":{"rendered":"<p>Jean-Louis Perrot 1953 Adresse: 739 Route de Frangy 74160, Vers, France Tel :&nbsp;++ 41(0)79 250 66 04 e-mail :&nbsp;jeanlouis.perrot@icloud.com Expositions personnelles: 1973 Galerie CIRCA Gen\u00e8ve 1988 Galerie MAISON DES JEUNES Neuchatel 1990 Galerie Michel Reymondin (plaquette) Gen\u00e8ve 1991 Galerie MAISON DES JEUNES Neuch\u00e2tel 1991 Galerie COBRA Paris 1993 Galerie BROT UND KASE Sorale 1993 Galerie [&hellip;]<\/p>\n","protected":false},"author":1,"featured_media":1684,"parent":0,"menu_order":0,"comment_status":"closed","ping_status":"open","template":"","meta":{"footnotes":""},"class_list":["post-181","page","type-page","status-publish","has-post-thumbnail","hentry"],"_links":{"self":[{"href":"http:\/\/www.jean-louis-perrot.ch\/index.php?rest_route=\/wp\/v2\/pages\/181","targetHints":{"allow":["GET"]}}],"collection":[{"href":"http:\/\/www.jean-louis-perrot.ch\/index.php?rest_route=\/wp\/v2\/pages"}],"about":[{"href":"http:\/\/www.jean-louis-perrot.ch\/index.php?rest_route=\/wp\/v2\/types\/page"}],"author":[{"embeddable":true,"href":"http:\/\/www.jean-louis-perrot.ch\/index.php?rest_route=\/wp\/v2\/users\/1"}],"replies":[{"embeddable":true,"href":"http:\/\/www.jean-louis-perrot.ch\/index.php?rest_route=%2Fwp%2Fv2%2Fcomments&post=181"}],"version-history":[{"count":23,"href":"http:\/\/www.jean-louis-perrot.ch\/index.php?rest_route=\/wp\/v2\/pages\/181\/revisions"}],"predecessor-version":[{"id":1706,"href":"http:\/\/www.jean-louis-perrot.ch\/index.php?rest_route=\/wp\/v2\/pages\/181\/revisions\/1706"}],"wp:featuredmedia":[{"embeddable":true,"href":"http:\/\/www.jean-louis-perrot.ch\/index.php?rest_route=\/wp\/v2\/media\/1684"}],"wp:attachment":[{"href":"http:\/\/www.jean-louis-perrot.ch\/index.php?rest_route=%2Fwp%2Fv2%2Fmedia&parent=181"}],"curies":[{"name":"wp","href":"https:\/\/api.w.org\/{rel}","templated":true}]}}